{"id":20748,"date":"2022-01-27T10:53:10","date_gmt":"2022-01-27T10:53:10","guid":{"rendered":"https:\/\/www.palacioficalho.pt\/alentejo-2020\/"},"modified":"2025-10-08T13:53:57","modified_gmt":"2025-10-08T13:53:57","slug":"alentejo-2020","status":"publish","type":"page","link":"https:\/\/www.palacioficalho.pt\/es\/alentejo-2020\/","title":{"rendered":"Alentejo 2020"},"content":{"rendered":"\t\t<div data-elementor-type=\"wp-page\" data-elementor-id=\"20748\" class=\"elementor elementor-20748 elementor-9186\">\n\t\t\t\t\t\t<section class=\"elementor-section elementor-top-section elementor-element elementor-element-63cea56 elementor-section-boxed elementor-section-height-default elementor-section-height-default qodef-elementor-content-no\" data-id=\"63cea56\" data-element_type=\"section\" data-e-type=\"section\">\n\t\t\t\t\t\t<div class=\"elementor-container elementor-column-gap-default\">\n\t\t\t\t\t<div class=\"elementor-column elementor-col-33 elementor-top-column elementor-element elementor-element-b28fe7d\" data-id=\"b28fe7d\" data-element_type=\"column\" data-e-type=\"column\">\n\t\t\t<div class=\"elementor-widget-wrap elementor-element-populated\">\n\t\t\t\t\t\t<div class=\"elementor-element elementor-element-cc290c3 elementor-widget elementor-widget-image\" data-id=\"cc290c3\" data-element_type=\"widget\" data-e-type=\"widget\" data-widget_type=\"image.default\">\n\t\t\t\t\t\t\t\t\t\t\t\t\t\t\t<img decoding=\"async\" width=\"266\" height=\"100\" src=\"https:\/\/www.palacioficalho.pt\/wp-content\/uploads\/2025\/10\/header-portugal2020-preto-1.png\" class=\"attachment-full size-full wp-image-20641\" alt=\"\" \/>\t\t\t\t\t\t\t\t\t\t\t\t\t\t\t<\/div>\n\t\t\t\t\t<\/div>\n\t\t<\/div>\n\t\t\t\t<div class=\"elementor-column elementor-col-33 elementor-top-column elementor-element elementor-element-fbe6010\" data-id=\"fbe6010\" data-element_type=\"column\" data-e-type=\"column\">\n\t\t\t<div class=\"elementor-widget-wrap elementor-element-populated\">\n\t\t\t\t\t\t<div class=\"elementor-element elementor-element-b4f19f0 elementor-widget elementor-widget-image\" data-id=\"b4f19f0\" data-element_type=\"widget\" data-e-type=\"widget\" data-widget_type=\"image.default\">\n\t\t\t\t\t\t\t\t\t\t\t\t\t\t\t<img decoding=\"async\" width=\"266\" height=\"100\" src=\"https:\/\/www.palacioficalho.pt\/wp-content\/uploads\/2025\/10\/header-portugal2020-preto-2.png\" class=\"attachment-full size-full wp-image-20644\" alt=\"\" \/>\t\t\t\t\t\t\t\t\t\t\t\t\t\t\t<\/div>\n\t\t\t\t\t<\/div>\n\t\t<\/div>\n\t\t\t\t<div class=\"elementor-column elementor-col-33 elementor-top-column elementor-element elementor-element-195c7ca\" data-id=\"195c7ca\" data-element_type=\"column\" data-e-type=\"column\">\n\t\t\t<div class=\"elementor-widget-wrap elementor-element-populated\">\n\t\t\t\t\t\t<div class=\"elementor-element elementor-element-e25ae89 elementor-widget elementor-widget-image\" data-id=\"e25ae89\" data-element_type=\"widget\" data-e-type=\"widget\" data-widget_type=\"image.default\">\n\t\t\t\t\t\t\t\t\t\t\t\t\t\t\t<img decoding=\"async\" width=\"266\" height=\"100\" src=\"https:\/\/www.palacioficalho.pt\/wp-content\/uploads\/2025\/10\/header-portugal2020-preto-3.png\" class=\"attachment-full size-full wp-image-20647\" alt=\"\" \/>\t\t\t\t\t\t\t\t\t\t\t\t\t\t\t<\/div>\n\t\t\t\t\t<\/div>\n\t\t<\/div>\n\t\t\t\t\t<\/div>\n\t\t<\/section>\n\t\t\t\t<section class=\"elementor-section elementor-top-section elementor-element elementor-element-80026a6 elementor-section-boxed elementor-section-height-default elementor-section-height-default qodef-elementor-content-no\" data-id=\"80026a6\" data-element_type=\"section\" data-e-type=\"section\">\n\t\t\t\t\t\t<div class=\"elementor-container elementor-column-gap-wider\">\n\t\t\t\t\t<div class=\"elementor-column elementor-col-50 elementor-top-column elementor-element elementor-element-2f65523\" data-id=\"2f65523\" data-element_type=\"column\" data-e-type=\"column\">\n\t\t\t<div class=\"elementor-widget-wrap elementor-element-populated\">\n\t\t\t\t\t\t<div class=\"elementor-element elementor-element-799eb14 elementor-widget elementor-widget-text-editor\" data-id=\"799eb14\" data-element_type=\"widget\" data-e-type=\"widget\" data-widget_type=\"text-editor.default\">\n\t\t\t\t\t\t\t\t\t<p>Denominaci\u00f3n del Proyecto | <strong>Rehabilitaci\u00f3n del Palacio de Ficalho<\/strong><\/p><p>C\u00f3digo del Proyecto | <strong>ALT20-06-4740-FSE-001585<\/strong><\/p><p>Objetivo Principal | <strong>Promover la inclusi\u00f3n social y combatir la pobreza<\/strong><\/p><p>Regi\u00f3n de Intervenci\u00f3n | <strong>Alentejo<\/strong><\/p><p>Entidad Beneficiaria | <strong>ALPENDRE LATERAL &#8211; ORGANIZACI\u00d3N DE <\/strong><strong>EVENTOS LDA<\/strong><\/p><p>Fecha de Aprobaci\u00f3n | <strong>26-10-2020<\/strong><\/p><p>Fecha de Inicio | <strong>01-03-2021<\/strong><\/p><p>Fecha de Conclusi\u00f3n | <strong>31-12-2023<\/strong><\/p><p>Coste Total Elegible | <strong>93.555,00\u20ac<\/strong><\/p><p>Apoyo Financiero de la Uni\u00f3n Europea | <strong>79.521,75\u20ac<\/strong><\/p><p>Apoyo financiero p\u00fablico nacional\/regional | <strong>14.033,25\u20ac<\/strong><\/p>\t\t\t\t\t\t\t\t<\/div>\n\t\t\t\t\t<\/div>\n\t\t<\/div>\n\t\t\t\t<div class=\"elementor-column elementor-col-50 elementor-top-column elementor-element elementor-element-9870346\" data-id=\"9870346\" data-element_type=\"column\" data-e-type=\"column\">\n\t\t\t<div class=\"elementor-widget-wrap elementor-element-populated\">\n\t\t\t\t\t\t<div class=\"elementor-element elementor-element-362c407 elementor-widget elementor-widget-text-editor\" data-id=\"362c407\" data-element_type=\"widget\" data-e-type=\"widget\" data-widget_type=\"text-editor.default\">\n\t\t\t\t\t\t\t\t\t<p>El proyecto de creaci\u00f3n de una empresa por parte de Alpendre Lateral tiene como principal objetivo transformar el Palacio Ficalho en una casa-museo con unidades de alojamiento y espacio de eventos. Los objetivos espec\u00edficos son desarrollar un negocio financieramente sostenible, rehabilitar el Palacio Ficalho y su Jard\u00edn y compartir su Patrimonio<br>Arquitect\u00f3nico, Cultural y Cient\u00edfico. <\/p>\t\t\t\t\t\t\t\t<\/div>\n\t\t\t\t\t<\/div>\n\t\t<\/div>\n\t\t\t\t\t<\/div>\n\t\t<\/section>\n\t\t\t\t<\/div>\n\t\t","protected":false},"excerpt":{"rendered":"<p>Denominaci\u00f3n del Proyecto | Rehabilitaci\u00f3n del Palacio de Ficalho C\u00f3digo del Proyecto | ALT20-06-4740-FSE-001585 Objetivo Principal | Promover la inclusi\u00f3n social y combatir la pobreza Regi\u00f3n de Intervenci\u00f3n | Alentejo Entidad Beneficiaria | ALPENDRE LATERAL &#8211; ORGANIZACI\u00d3N DE EVENTOS LDA Fecha de Aprobaci\u00f3n | 26-10-2020 Fecha de Inicio | 01-03-2021 Fecha de Conclusi\u00f3n | 31-12-2023 [&hellip;]<\/p>\n","protected":false},"author":1,"featured_media":0,"parent":0,"menu_order":0,"comment_status":"closed","ping_status":"closed","template":"page-full-width.php","meta":{"footnotes":""},"class_list":["post-20748","page","type-page","status-publish","hentry"],"_links":{"self":[{"href":"https:\/\/www.palacioficalho.pt\/es\/wp-json\/wp\/v2\/pages\/20748","targetHints":{"allow":["GET"]}}],"collection":[{"href":"https:\/\/www.palacioficalho.pt\/es\/wp-json\/wp\/v2\/pages"}],"about":[{"href":"https:\/\/www.palacioficalho.pt\/es\/wp-json\/wp\/v2\/types\/page"}],"author":[{"embeddable":true,"href":"https:\/\/www.palacioficalho.pt\/es\/wp-json\/wp\/v2\/users\/1"}],"replies":[{"embeddable":true,"href":"https:\/\/www.palacioficalho.pt\/es\/wp-json\/wp\/v2\/comments?post=20748"}],"version-history":[{"count":0,"href":"https:\/\/www.palacioficalho.pt\/es\/wp-json\/wp\/v2\/pages\/20748\/revisions"}],"wp:attachment":[{"href":"https:\/\/www.palacioficalho.pt\/es\/wp-json\/wp\/v2\/media?parent=20748"}],"curies":[{"name":"wp","href":"https:\/\/api.w.org\/{rel}","templated":true}]}}