{"id":19298,"date":"2025-09-29T18:59:32","date_gmt":"2025-09-29T18:59:32","guid":{"rendered":"https:\/\/www.palacioficalho.pt\/palacio\/"},"modified":"2025-10-08T11:32:05","modified_gmt":"2025-10-08T11:32:05","slug":"palacio","status":"publish","type":"page","link":"https:\/\/www.palacioficalho.pt\/es\/palacio\/","title":{"rendered":"Pal\u00e1cio"},"content":{"rendered":"\t\t<div data-elementor-type=\"wp-page\" data-elementor-id=\"19298\" class=\"elementor elementor-19298 elementor-10180\">\n\t\t\t\t\t\t<section class=\"elementor-section elementor-top-section elementor-element elementor-element-176a68b elementor-section-boxed elementor-section-height-default elementor-section-height-default qodef-elementor-content-no\" data-id=\"176a68b\" data-element_type=\"section\" data-e-type=\"section\">\n\t\t\t\t\t\t<div class=\"elementor-container elementor-column-gap-default\">\n\t\t\t\t\t<div class=\"elementor-column elementor-col-100 elementor-top-column elementor-element elementor-element-0ca73af\" data-id=\"0ca73af\" data-element_type=\"column\" data-e-type=\"column\">\n\t\t\t<div class=\"elementor-widget-wrap elementor-element-populated\">\n\t\t\t\t\t\t<section class=\"elementor-section elementor-inner-section elementor-element elementor-element-e19689f elementor-section-boxed elementor-section-height-default elementor-section-height-default qodef-elementor-content-no\" data-id=\"e19689f\" data-element_type=\"section\" data-e-type=\"section\">\n\t\t\t\t\t\t<div class=\"elementor-container elementor-column-gap-wide\">\n\t\t\t\t\t<div class=\"elementor-column elementor-col-33 elementor-inner-column elementor-element elementor-element-4e5f7b4\" data-id=\"4e5f7b4\" data-element_type=\"column\" data-e-type=\"column\">\n\t\t\t<div class=\"elementor-widget-wrap elementor-element-populated\">\n\t\t\t\t\t\t<div class=\"elementor-element elementor-element-ae8cd46 elementor-widget elementor-widget-image\" data-id=\"ae8cd46\" data-element_type=\"widget\" data-e-type=\"widget\" data-widget_type=\"image.default\">\n\t\t\t\t\t\t\t\t\t\t\t\t\t\t\t\t<a href=\"https:\/\/palacioficalho.pt\/palacio\/casa\/\">\n\t\t\t\t\t\t\t<img fetchpriority=\"high\" decoding=\"async\" width=\"600\" height=\"800\" src=\"https:\/\/www.palacioficalho.pt\/wp-content\/uploads\/2025\/10\/pag-palacio-casa.jpg\" class=\"attachment-full size-full wp-image-20656\" alt=\"\" srcset=\"https:\/\/www.palacioficalho.pt\/wp-content\/uploads\/2025\/10\/pag-palacio-casa.jpg 600w, https:\/\/www.palacioficalho.pt\/wp-content\/uploads\/2025\/10\/pag-palacio-casa-225x300.jpg 225w\" sizes=\"(max-width: 600px) 100vw, 600px\" \/>\t\t\t\t\t\t\t\t<\/a>\n\t\t\t\t\t\t\t\t\t\t\t\t\t\t\t<\/div>\n\t\t\t\t<div class=\"elementor-element elementor-element-c1d6cf7 elementor-widget elementor-widget-heading\" data-id=\"c1d6cf7\" data-element_type=\"widget\" data-e-type=\"widget\" data-widget_type=\"heading.default\">\n\t\t\t\t\t<h2 class=\"elementor-heading-title elementor-size-default\"><a href=\"https:\/\/palacioficalho.pt\/palacio\/casa\/\">La Casa<br><\/a><\/h2>\t\t\t\t<\/div>\n\t\t\t\t<div class=\"elementor-element elementor-element-d06298d elementor-widget elementor-widget-text-editor\" data-id=\"d06298d\" data-element_type=\"widget\" data-e-type=\"widget\" data-widget_type=\"text-editor.default\">\n\t\t\t\t\t\t\t\t\t<p>El racionalismo y la austeridad son las l\u00edneas maestras. La arquitectura es monumental, s\u00ed, pero objetiva, pensando en la protecci\u00f3n del calor y la luz. Afirmativa, s\u00ed, pero comedida y terrenal.<br><\/p>\t\t\t\t\t\t\t\t<\/div>\n\t\t\t\t\t<\/div>\n\t\t<\/div>\n\t\t\t\t<div class=\"elementor-column elementor-col-33 elementor-inner-column elementor-element elementor-element-f08662a\" data-id=\"f08662a\" data-element_type=\"column\" data-e-type=\"column\">\n\t\t\t<div class=\"elementor-widget-wrap elementor-element-populated\">\n\t\t\t\t\t\t<div class=\"elementor-element elementor-element-0358a90 elementor-widget elementor-widget-image\" data-id=\"0358a90\" data-element_type=\"widget\" data-e-type=\"widget\" data-widget_type=\"image.default\">\n\t\t\t\t\t\t\t\t\t\t\t\t\t\t\t\t<a href=\"https:\/\/palacioficalho.pt\/palacio\/jardim\/\">\n\t\t\t\t\t\t\t<img decoding=\"async\" width=\"600\" height=\"800\" src=\"https:\/\/www.palacioficalho.pt\/wp-content\/uploads\/2025\/10\/pag-palacio-jardim.jpg\" class=\"attachment-full size-full wp-image-20659\" alt=\"\" srcset=\"https:\/\/www.palacioficalho.pt\/wp-content\/uploads\/2025\/10\/pag-palacio-jardim.jpg 600w, https:\/\/www.palacioficalho.pt\/wp-content\/uploads\/2025\/10\/pag-palacio-jardim-225x300.jpg 225w\" sizes=\"(max-width: 600px) 100vw, 600px\" \/>\t\t\t\t\t\t\t\t<\/a>\n\t\t\t\t\t\t\t\t\t\t\t\t\t\t\t<\/div>\n\t\t\t\t<div class=\"elementor-element elementor-element-7546be6 elementor-widget elementor-widget-heading\" data-id=\"7546be6\" data-element_type=\"widget\" data-e-type=\"widget\" data-widget_type=\"heading.default\">\n\t\t\t\t\t<h2 class=\"elementor-heading-title elementor-size-default\"><a href=\"https:\/\/palacioficalho.pt\/palacio\/jardim\/\">El jardin<\/a><\/h2>\t\t\t\t<\/div>\n\t\t\t\t<div class=\"elementor-element elementor-element-04f820c elementor-widget elementor-widget-text-editor\" data-id=\"04f820c\" data-element_type=\"widget\" data-e-type=\"widget\" data-widget_type=\"text-editor.default\">\n\t\t\t\t\t\t\t\t\t<p>El agua que riega el jard\u00edn entra por un acueducto cuyo \u00fanico fin es abastecer el palacio. Agua y poder se encuentran en este jard\u00edn alentejano, conocido en la familia como \u00abQuintal\u00e3o\u00bb (en espa\u00f1ol, gran patio).<br><\/p>\t\t\t\t\t\t\t\t<\/div>\n\t\t\t\t\t<\/div>\n\t\t<\/div>\n\t\t\t\t<div class=\"elementor-column elementor-col-33 elementor-inner-column elementor-element elementor-element-7b3f83d\" data-id=\"7b3f83d\" data-element_type=\"column\" data-e-type=\"column\">\n\t\t\t<div class=\"elementor-widget-wrap elementor-element-populated\">\n\t\t\t\t\t\t<div class=\"elementor-element elementor-element-81320a2 elementor-widget elementor-widget-image\" data-id=\"81320a2\" data-element_type=\"widget\" data-e-type=\"widget\" data-widget_type=\"image.default\">\n\t\t\t\t\t\t\t\t\t\t\t\t\t\t\t\t<a href=\"https:\/\/palacioficalho.pt\/palacio\/rostos\/\">\n\t\t\t\t\t\t\t<img decoding=\"async\" width=\"600\" height=\"800\" src=\"https:\/\/www.palacioficalho.pt\/wp-content\/uploads\/2025\/10\/pag-palacio-rostos.jpg\" class=\"attachment-large size-large wp-image-20662\" alt=\"\" srcset=\"https:\/\/www.palacioficalho.pt\/wp-content\/uploads\/2025\/10\/pag-palacio-rostos.jpg 600w, https:\/\/www.palacioficalho.pt\/wp-content\/uploads\/2025\/10\/pag-palacio-rostos-225x300.jpg 225w\" sizes=\"(max-width: 600px) 100vw, 600px\" \/>\t\t\t\t\t\t\t\t<\/a>\n\t\t\t\t\t\t\t\t\t\t\t\t\t\t\t<\/div>\n\t\t\t\t<div class=\"elementor-element elementor-element-1253cce elementor-widget elementor-widget-heading\" data-id=\"1253cce\" data-element_type=\"widget\" data-e-type=\"widget\" data-widget_type=\"heading.default\">\n\t\t\t\t\t<h2 class=\"elementor-heading-title elementor-size-default\"><a href=\"https:\/\/palacioficalho.pt\/palacio\/rostos\/\">rostros<\/a><\/h2>\t\t\t\t<\/div>\n\t\t\t\t<div class=\"elementor-element elementor-element-8f18fef elementor-widget elementor-widget-text-editor\" data-id=\"8f18fef\" data-element_type=\"widget\" data-e-type=\"widget\" data-widget_type=\"text-editor.default\">\n\t\t\t\t\t\t\t\t\t<p>El Pal\u00e1cio de Ficalho fue la casa de unos, el paso de muchos, la memoria de otros, un proyecto de vida tambi\u00e9n. Aqu\u00ed algunos rostros que forman parte de su historia. <br>&nbsp;<\/p>\t\t\t\t\t\t\t\t<\/div>\n\t\t\t\t\t<\/div>\n\t\t<\/div>\n\t\t\t\t\t<\/div>\n\t\t<\/section>\n\t\t\t\t\t<\/div>\n\t\t<\/div>\n\t\t\t\t\t<\/div>\n\t\t<\/section>\n\t\t\t\t<\/div>\n\t\t","protected":false},"excerpt":{"rendered":"<p>La Casa El racionalismo y la austeridad son las l\u00edneas maestras. La arquitectura es monumental, s\u00ed, pero objetiva, pensando en la protecci\u00f3n del calor y la luz. Afirmativa, s\u00ed, pero comedida y terrenal. El jardin El agua que riega el jard\u00edn entra por un acueducto cuyo \u00fanico fin es abastecer el palacio. Agua y poder [&hellip;]<\/p>\n","protected":false},"author":1,"featured_media":0,"parent":0,"menu_order":0,"comment_status":"closed","ping_status":"closed","template":"page-full-width.php","meta":{"footnotes":""},"class_list":["post-19298","page","type-page","status-publish","hentry"],"_links":{"self":[{"href":"https:\/\/www.palacioficalho.pt\/es\/wp-json\/wp\/v2\/pages\/19298","targetHints":{"allow":["GET"]}}],"collection":[{"href":"https:\/\/www.palacioficalho.pt\/es\/wp-json\/wp\/v2\/pages"}],"about":[{"href":"https:\/\/www.palacioficalho.pt\/es\/wp-json\/wp\/v2\/types\/page"}],"author":[{"embeddable":true,"href":"https:\/\/www.palacioficalho.pt\/es\/wp-json\/wp\/v2\/users\/1"}],"replies":[{"embeddable":true,"href":"https:\/\/www.palacioficalho.pt\/es\/wp-json\/wp\/v2\/comments?post=19298"}],"version-history":[{"count":0,"href":"https:\/\/www.palacioficalho.pt\/es\/wp-json\/wp\/v2\/pages\/19298\/revisions"}],"wp:attachment":[{"href":"https:\/\/www.palacioficalho.pt\/es\/wp-json\/wp\/v2\/media?parent=19298"}],"curies":[{"name":"wp","href":"https:\/\/api.w.org\/{rel}","templated":true}]}}