{"id":19029,"date":"2021-10-09T12:08:00","date_gmt":"2021-10-09T12:08:00","guid":{"rendered":"https:\/\/www.palacioficalho.pt\/el-jardin\/"},"modified":"2025-10-02T18:36:13","modified_gmt":"2025-10-02T18:36:13","slug":"el-jardin","status":"publish","type":"page","link":"https:\/\/www.palacioficalho.pt\/es\/palacio\/el-jardin\/","title":{"rendered":"El jardin"},"content":{"rendered":"\t\t<div data-elementor-type=\"wp-page\" data-elementor-id=\"19029\" class=\"elementor elementor-19029 elementor-5607\">\n\t\t\t\t\t\t<section class=\"elementor-section elementor-top-section elementor-element elementor-element-b069b04 elementor-section-boxed elementor-section-height-default elementor-section-height-default qodef-elementor-content-no\" data-id=\"b069b04\" data-element_type=\"section\" data-e-type=\"section\">\n\t\t\t\t\t\t<div class=\"elementor-container elementor-column-gap-default\">\n\t\t\t\t\t<div class=\"elementor-column elementor-col-100 elementor-top-column elementor-element elementor-element-8a4e83b\" data-id=\"8a4e83b\" data-element_type=\"column\" data-e-type=\"column\">\n\t\t\t<div class=\"elementor-widget-wrap elementor-element-populated\">\n\t\t\t\t\t\t<div class=\"elementor-element elementor-element-b4027b1 elementor-widget elementor-widget-image\" data-id=\"b4027b1\" data-element_type=\"widget\" data-e-type=\"widget\" data-widget_type=\"image.default\">\n\t\t\t\t\t\t\t\t\t\t\t\t\t\t\t<img fetchpriority=\"high\" decoding=\"async\" width=\"2560\" height=\"1707\" src=\"https:\/\/www.palacioficalho.pt\/wp-content\/uploads\/2025\/09\/Palacio-dos-Condes-de-Ficalho_02-04-22\u00a9FabriceZiegler-4-scaled-1.jpg\" class=\"attachment-full size-full wp-image-19030\" alt=\"\" srcset=\"https:\/\/www.palacioficalho.pt\/wp-content\/uploads\/2025\/09\/Palacio-dos-Condes-de-Ficalho_02-04-22\u00a9FabriceZiegler-4-scaled-1.jpg 2560w, https:\/\/www.palacioficalho.pt\/wp-content\/uploads\/2025\/09\/Palacio-dos-Condes-de-Ficalho_02-04-22\u00a9FabriceZiegler-4-scaled-1-300x200.jpg 300w, https:\/\/www.palacioficalho.pt\/wp-content\/uploads\/2025\/09\/Palacio-dos-Condes-de-Ficalho_02-04-22\u00a9FabriceZiegler-4-scaled-1-1024x683.jpg 1024w, https:\/\/www.palacioficalho.pt\/wp-content\/uploads\/2025\/09\/Palacio-dos-Condes-de-Ficalho_02-04-22\u00a9FabriceZiegler-4-scaled-1-768x512.jpg 768w, https:\/\/www.palacioficalho.pt\/wp-content\/uploads\/2025\/09\/Palacio-dos-Condes-de-Ficalho_02-04-22\u00a9FabriceZiegler-4-scaled-1-1536x1024.jpg 1536w, https:\/\/www.palacioficalho.pt\/wp-content\/uploads\/2025\/09\/Palacio-dos-Condes-de-Ficalho_02-04-22\u00a9FabriceZiegler-4-scaled-1-2048x1366.jpg 2048w, https:\/\/www.palacioficalho.pt\/wp-content\/uploads\/2025\/09\/Palacio-dos-Condes-de-Ficalho_02-04-22\u00a9FabriceZiegler-4-scaled-1-600x400.jpg 600w\" sizes=\"(max-width: 2560px) 100vw, 2560px\" \/>\t\t\t\t\t\t\t\t\t\t\t\t\t\t\t<\/div>\n\t\t\t\t\t<\/div>\n\t\t<\/div>\n\t\t\t\t\t<\/div>\n\t\t<\/section>\n\t\t\t\t<section class=\"elementor-section elementor-top-section elementor-element elementor-element-670df2b elementor-section-boxed elementor-section-height-default elementor-section-height-default qodef-elementor-content-no\" data-id=\"670df2b\" data-element_type=\"section\" data-e-type=\"section\">\n\t\t\t\t\t\t<div class=\"elementor-container elementor-column-gap-default\">\n\t\t\t\t\t<div class=\"elementor-column elementor-col-50 elementor-top-column elementor-element elementor-element-5616837\" data-id=\"5616837\" data-element_type=\"column\" data-e-type=\"column\">\n\t\t\t<div class=\"elementor-widget-wrap elementor-element-populated\">\n\t\t\t\t\t\t<div class=\"elementor-element elementor-element-c2977fe elementor-widget elementor-widget-heading\" data-id=\"c2977fe\" data-element_type=\"widget\" data-e-type=\"widget\" data-widget_type=\"heading.default\">\n\t\t\t\t\t<h1 class=\"elementor-heading-title elementor-size-default\">El jardin<\/h1>\t\t\t\t<\/div>\n\t\t\t\t<div class=\"elementor-element elementor-element-741179c elementor-widget elementor-widget-text-editor\" data-id=\"741179c\" data-element_type=\"widget\" data-e-type=\"widget\" data-widget_type=\"text-editor.default\">\n\t\t\t\t\t\t\t\t\t<h2>Su estructura actual es el resultado de una intervenci\u00f3n realizada en la d\u00e9cada de 1950, una colaboraci\u00f3n entre la \u00faltima marquesa de Ficalho, Mariazinha de Mello, y el ingeniero forestal serpense Jos\u00e9 Pulido Garc\u00eda.&nbsp;<\/h2>\t\t\t\t\t\t\t\t<\/div>\n\t\t\t\t\t<\/div>\n\t\t<\/div>\n\t\t\t\t<div class=\"elementor-column elementor-col-50 elementor-top-column elementor-element elementor-element-5bce75d\" data-id=\"5bce75d\" data-element_type=\"column\" data-e-type=\"column\">\n\t\t\t<div class=\"elementor-widget-wrap elementor-element-populated\">\n\t\t\t\t\t\t<div class=\"elementor-element elementor-element-191d8a6 elementor-widget elementor-widget-text-editor\" data-id=\"191d8a6\" data-element_type=\"widget\" data-e-type=\"widget\" data-widget_type=\"text-editor.default\">\n\t\t\t\t\t\t\t\t\t<p>Como tantos jardines hist\u00f3ricos de Portugal, el jard\u00edn del Palacio Ficalho est\u00e1 formado por un bosque y un huerto rodeado de bojes y algunos cipreses. El huerto de este jard\u00edn es un hermoso naranjal. El agua que riega este naranjal y el resto del jard\u00edn Proviene de una nota en el torre\u00f3n de las murallas de Serpa y entra a trav\u00e9s de un acueducto que se construy\u00f3 con el \u00fanico fin de abastecer de agua al palacio. La relaci\u00f3n con el acueducto y la muralla de Serpa es sin duda su rasgo m\u00e1s emblem\u00e1tico.<\/p><p>Como tantos jardins hist\u00f3ricos em Portugal, o jardim do Pal\u00e1cio Ficalho \u00e9 constitu\u00eddo por uma mata e um pomar cercado de buxo e alguns ciprestes. Y, sin embargo, la historia del jard\u00edn a\u00fan est\u00e1 por escribirse. Se sabe que a principios del siglo XX su funci\u00f3n era esencialmente productiva, siendo un punto de conexi\u00f3n entre las diversas propiedades agr\u00edcolas de la familia. \u00bfPero qu\u00e9 utilidad ten\u00eda anteriormente? \u00bfCu\u00e1l es su estructura y composici\u00f3n? \u00bfC\u00f3mo circulaba el agua por la tierra y qu\u00e9 regaba? Cuestiones que requieren un estudio en profundidad. Estamos trabajando para que esto suceda. <\/p>\t\t\t\t\t\t\t\t<\/div>\n\t\t\t\t\t<\/div>\n\t\t<\/div>\n\t\t\t\t\t<\/div>\n\t\t<\/section>\n\t\t\t\t<section class=\"elementor-section elementor-top-section elementor-element elementor-element-b08f3f4 elementor-section-boxed elementor-section-height-default elementor-section-height-default qodef-elementor-content-no\" data-id=\"b08f3f4\" data-element_type=\"section\" data-e-type=\"section\">\n\t\t\t\t\t\t<div class=\"elementor-container elementor-column-gap-default\">\n\t\t\t\t\t<div class=\"elementor-column elementor-col-100 elementor-top-column elementor-element elementor-element-6b494ba\" data-id=\"6b494ba\" data-element_type=\"column\" data-e-type=\"column\">\n\t\t\t<div class=\"elementor-widget-wrap elementor-element-populated\">\n\t\t\t\t\t\t<div class=\"elementor-element elementor-element-d648a21 elementor-widget elementor-widget-alloggio_core_image_gallery\" data-id=\"d648a21\" data-element_type=\"widget\" data-e-type=\"widget\" data-widget_type=\"alloggio_core_image_gallery.default\">\n\t\t\t\t<div class=\"elementor-widget-container\">\n\t\t\t\t\t<div class=\"qodef-shortcode qodef-m qodef-image-gallery qodef--predefined qodef-grid qodef-layout--columns qodef-gutter--large qodef-col-num--1 qodef-responsive--predefined\">\n\t\n    <div class=\"qodef-grid-inner clear\">\n\t\t<div class=\"qodef-e qodef-image-wrapper qodef-grid-item\">\n\t\t\t<img decoding=\"async\" width=\"2560\" height=\"1707\" src=\"https:\/\/www.palacioficalho.pt\/wp-content\/uploads\/2025\/09\/Palacio-dos-Condes-de-Ficalho_02-04-22\u00a9FabriceZiegler-15-scaled-1.jpg\" class=\"attachment-full size-full\" alt=\"\" data-swiper-parallax=\"27%\" srcset=\"https:\/\/www.palacioficalho.pt\/wp-content\/uploads\/2025\/09\/Palacio-dos-Condes-de-Ficalho_02-04-22\u00a9FabriceZiegler-15-scaled-1.jpg 2560w, https:\/\/www.palacioficalho.pt\/wp-content\/uploads\/2025\/09\/Palacio-dos-Condes-de-Ficalho_02-04-22\u00a9FabriceZiegler-15-scaled-1-300x200.jpg 300w, https:\/\/www.palacioficalho.pt\/wp-content\/uploads\/2025\/09\/Palacio-dos-Condes-de-Ficalho_02-04-22\u00a9FabriceZiegler-15-scaled-1-1024x683.jpg 1024w, https:\/\/www.palacioficalho.pt\/wp-content\/uploads\/2025\/09\/Palacio-dos-Condes-de-Ficalho_02-04-22\u00a9FabriceZiegler-15-scaled-1-768x512.jpg 768w, https:\/\/www.palacioficalho.pt\/wp-content\/uploads\/2025\/09\/Palacio-dos-Condes-de-Ficalho_02-04-22\u00a9FabriceZiegler-15-scaled-1-1536x1024.jpg 1536w, https:\/\/www.palacioficalho.pt\/wp-content\/uploads\/2025\/09\/Palacio-dos-Condes-de-Ficalho_02-04-22\u00a9FabriceZiegler-15-scaled-1-2048x1366.jpg 2048w, https:\/\/www.palacioficalho.pt\/wp-content\/uploads\/2025\/09\/Palacio-dos-Condes-de-Ficalho_02-04-22\u00a9FabriceZiegler-15-scaled-1-600x400.jpg 600w\" sizes=\"(max-width: 2560px) 100vw, 2560px\" \/>\t<\/div><div class=\"qodef-e qodef-image-wrapper qodef-grid-item\">\n\t\t\t<img decoding=\"async\" width=\"1707\" height=\"2560\" src=\"https:\/\/www.palacioficalho.pt\/wp-content\/uploads\/2025\/09\/Palacio-dos-Condes-de-Ficalho_02-04-22\u00a9FabriceZiegler-54-1-scaled-1.jpg\" class=\"attachment-full size-full\" alt=\"\" data-swiper-parallax=\"27%\" srcset=\"https:\/\/www.palacioficalho.pt\/wp-content\/uploads\/2025\/09\/Palacio-dos-Condes-de-Ficalho_02-04-22\u00a9FabriceZiegler-54-1-scaled-1.jpg 1707w, https:\/\/www.palacioficalho.pt\/wp-content\/uploads\/2025\/09\/Palacio-dos-Condes-de-Ficalho_02-04-22\u00a9FabriceZiegler-54-1-scaled-1-200x300.jpg 200w, https:\/\/www.palacioficalho.pt\/wp-content\/uploads\/2025\/09\/Palacio-dos-Condes-de-Ficalho_02-04-22\u00a9FabriceZiegler-54-1-scaled-1-683x1024.jpg 683w, https:\/\/www.palacioficalho.pt\/wp-content\/uploads\/2025\/09\/Palacio-dos-Condes-de-Ficalho_02-04-22\u00a9FabriceZiegler-54-1-scaled-1-768x1152.jpg 768w, https:\/\/www.palacioficalho.pt\/wp-content\/uploads\/2025\/09\/Palacio-dos-Condes-de-Ficalho_02-04-22\u00a9FabriceZiegler-54-1-scaled-1-1024x1536.jpg 1024w, https:\/\/www.palacioficalho.pt\/wp-content\/uploads\/2025\/09\/Palacio-dos-Condes-de-Ficalho_02-04-22\u00a9FabriceZiegler-54-1-scaled-1-1366x2048.jpg 1366w, https:\/\/www.palacioficalho.pt\/wp-content\/uploads\/2025\/09\/Palacio-dos-Condes-de-Ficalho_02-04-22\u00a9FabriceZiegler-54-1-scaled-1-600x900.jpg 600w\" sizes=\"(max-width: 1707px) 100vw, 1707px\" \/>\t<\/div><div class=\"qodef-e qodef-image-wrapper qodef-grid-item\">\n\t\t\t<img loading=\"lazy\" decoding=\"async\" width=\"1707\" height=\"2560\" src=\"https:\/\/www.palacioficalho.pt\/wp-content\/uploads\/2025\/09\/Palacio-dos-Condes-de-Ficalho_02-04-22\u00a9FabriceZiegler-22-4-scaled-1.jpg\" class=\"attachment-full size-full\" alt=\"\" data-swiper-parallax=\"27%\" srcset=\"https:\/\/www.palacioficalho.pt\/wp-content\/uploads\/2025\/09\/Palacio-dos-Condes-de-Ficalho_02-04-22\u00a9FabriceZiegler-22-4-scaled-1.jpg 1707w, https:\/\/www.palacioficalho.pt\/wp-content\/uploads\/2025\/09\/Palacio-dos-Condes-de-Ficalho_02-04-22\u00a9FabriceZiegler-22-4-scaled-1-200x300.jpg 200w, https:\/\/www.palacioficalho.pt\/wp-content\/uploads\/2025\/09\/Palacio-dos-Condes-de-Ficalho_02-04-22\u00a9FabriceZiegler-22-4-scaled-1-683x1024.jpg 683w, https:\/\/www.palacioficalho.pt\/wp-content\/uploads\/2025\/09\/Palacio-dos-Condes-de-Ficalho_02-04-22\u00a9FabriceZiegler-22-4-scaled-1-768x1152.jpg 768w, https:\/\/www.palacioficalho.pt\/wp-content\/uploads\/2025\/09\/Palacio-dos-Condes-de-Ficalho_02-04-22\u00a9FabriceZiegler-22-4-scaled-1-1024x1536.jpg 1024w, https:\/\/www.palacioficalho.pt\/wp-content\/uploads\/2025\/09\/Palacio-dos-Condes-de-Ficalho_02-04-22\u00a9FabriceZiegler-22-4-scaled-1-1366x2048.jpg 1366w, https:\/\/www.palacioficalho.pt\/wp-content\/uploads\/2025\/09\/Palacio-dos-Condes-de-Ficalho_02-04-22\u00a9FabriceZiegler-22-4-scaled-1-600x900.jpg 600w\" sizes=\"(max-width: 1707px) 100vw, 1707px\" \/>\t<\/div><div class=\"qodef-e qodef-image-wrapper qodef-grid-item\">\n\t\t\t<img loading=\"lazy\" decoding=\"async\" width=\"2560\" height=\"1707\" src=\"https:\/\/www.palacioficalho.pt\/wp-content\/uploads\/2025\/09\/Palacio-dos-Condes-de-Ficalho_02-04-22\u00a9FabriceZiegler-10-3-scaled-1.jpg\" class=\"attachment-full size-full\" alt=\"\" data-swiper-parallax=\"27%\" srcset=\"https:\/\/www.palacioficalho.pt\/wp-content\/uploads\/2025\/09\/Palacio-dos-Condes-de-Ficalho_02-04-22\u00a9FabriceZiegler-10-3-scaled-1.jpg 2560w, https:\/\/www.palacioficalho.pt\/wp-content\/uploads\/2025\/09\/Palacio-dos-Condes-de-Ficalho_02-04-22\u00a9FabriceZiegler-10-3-scaled-1-300x200.jpg 300w, https:\/\/www.palacioficalho.pt\/wp-content\/uploads\/2025\/09\/Palacio-dos-Condes-de-Ficalho_02-04-22\u00a9FabriceZiegler-10-3-scaled-1-1024x683.jpg 1024w, https:\/\/www.palacioficalho.pt\/wp-content\/uploads\/2025\/09\/Palacio-dos-Condes-de-Ficalho_02-04-22\u00a9FabriceZiegler-10-3-scaled-1-768x512.jpg 768w, https:\/\/www.palacioficalho.pt\/wp-content\/uploads\/2025\/09\/Palacio-dos-Condes-de-Ficalho_02-04-22\u00a9FabriceZiegler-10-3-scaled-1-1536x1024.jpg 1536w, https:\/\/www.palacioficalho.pt\/wp-content\/uploads\/2025\/09\/Palacio-dos-Condes-de-Ficalho_02-04-22\u00a9FabriceZiegler-10-3-scaled-1-2048x1366.jpg 2048w, https:\/\/www.palacioficalho.pt\/wp-content\/uploads\/2025\/09\/Palacio-dos-Condes-de-Ficalho_02-04-22\u00a9FabriceZiegler-10-3-scaled-1-600x400.jpg 600w\" sizes=\"(max-width: 2560px) 100vw, 2560px\" \/>\t<\/div>    <\/div>\n<\/div>\t\t\t\t<\/div>\n\t\t\t\t<\/div>\n\t\t\t\t\t<\/div>\n\t\t<\/div>\n\t\t\t\t\t<\/div>\n\t\t<\/section>\n\t\t\t\t<section class=\"elementor-section elementor-top-section elementor-element elementor-element-731bb21 elementor-section-boxed elementor-section-height-default elementor-section-height-default qodef-elementor-content-no\" data-id=\"731bb21\" data-element_type=\"section\" data-e-type=\"section\">\n\t\t\t\t\t\t<div class=\"elementor-container elementor-column-gap-default\">\n\t\t\t\t\t<div class=\"elementor-column elementor-col-100 elementor-top-column elementor-element elementor-element-7cf7ed4\" data-id=\"7cf7ed4\" data-element_type=\"column\" data-e-type=\"column\">\n\t\t\t<div class=\"elementor-widget-wrap elementor-element-populated\">\n\t\t\t\t\t\t<div class=\"elementor-element elementor-element-e832d7c elementor-widget elementor-widget-text-editor\" data-id=\"e832d7c\" data-element_type=\"widget\" data-e-type=\"widget\" data-widget_type=\"text-editor.default\">\n\t\t\t\t\t\t\t\t\t<h2>Agua y poder se encuentran en este jard\u00edn alentejano, conocido en la familia como Quintal\u00e3o (en espa\u00f1ol, \u201cgran patio\u201d).<br><\/h2>\t\t\t\t\t\t\t\t<\/div>\n\t\t\t\t\t<\/div>\n\t\t<\/div>\n\t\t\t\t\t<\/div>\n\t\t<\/section>\n\t\t\t\t<section class=\"elementor-section elementor-top-section elementor-element elementor-element-c5b18cf elementor-section-boxed elementor-section-height-default elementor-section-height-default qodef-elementor-content-no\" data-id=\"c5b18cf\" data-element_type=\"section\" data-e-type=\"section\">\n\t\t\t\t\t\t<div class=\"elementor-container elementor-column-gap-default\">\n\t\t\t\t\t<div class=\"elementor-column elementor-col-100 elementor-top-column elementor-element elementor-element-1d6c811\" data-id=\"1d6c811\" data-element_type=\"column\" data-e-type=\"column\">\n\t\t\t<div class=\"elementor-widget-wrap elementor-element-populated\">\n\t\t\t\t\t\t<div class=\"elementor-element elementor-element-7f46114 elementor-widget elementor-widget-alloggio_core_image_gallery\" data-id=\"7f46114\" data-element_type=\"widget\" data-e-type=\"widget\" data-widget_type=\"alloggio_core_image_gallery.default\">\n\t\t\t\t<div class=\"elementor-widget-container\">\n\t\t\t\t\t<div class=\"qodef-shortcode qodef-m qodef-image-gallery qodef--predefined qodef-grid qodef-layout--columns qodef-gutter--large qodef-col-num--1 qodef-responsive--predefined\">\n\t\n    <div class=\"qodef-grid-inner clear\">\n\t\t<div class=\"qodef-e qodef-image-wrapper qodef-grid-item\">\n\t\t\t<img loading=\"lazy\" decoding=\"async\" width=\"2560\" height=\"1707\" src=\"https:\/\/www.palacioficalho.pt\/wp-content\/uploads\/2025\/09\/Palacio-dos-Condes-de-Ficalho_02-04-22\u00a9FabriceZiegler-19-1-scaled-1.jpg\" class=\"attachment-full size-full\" alt=\"\" data-swiper-parallax=\"27%\" srcset=\"https:\/\/www.palacioficalho.pt\/wp-content\/uploads\/2025\/09\/Palacio-dos-Condes-de-Ficalho_02-04-22\u00a9FabriceZiegler-19-1-scaled-1.jpg 2560w, https:\/\/www.palacioficalho.pt\/wp-content\/uploads\/2025\/09\/Palacio-dos-Condes-de-Ficalho_02-04-22\u00a9FabriceZiegler-19-1-scaled-1-300x200.jpg 300w, https:\/\/www.palacioficalho.pt\/wp-content\/uploads\/2025\/09\/Palacio-dos-Condes-de-Ficalho_02-04-22\u00a9FabriceZiegler-19-1-scaled-1-1024x683.jpg 1024w, https:\/\/www.palacioficalho.pt\/wp-content\/uploads\/2025\/09\/Palacio-dos-Condes-de-Ficalho_02-04-22\u00a9FabriceZiegler-19-1-scaled-1-768x512.jpg 768w, https:\/\/www.palacioficalho.pt\/wp-content\/uploads\/2025\/09\/Palacio-dos-Condes-de-Ficalho_02-04-22\u00a9FabriceZiegler-19-1-scaled-1-1536x1024.jpg 1536w, https:\/\/www.palacioficalho.pt\/wp-content\/uploads\/2025\/09\/Palacio-dos-Condes-de-Ficalho_02-04-22\u00a9FabriceZiegler-19-1-scaled-1-2048x1366.jpg 2048w, https:\/\/www.palacioficalho.pt\/wp-content\/uploads\/2025\/09\/Palacio-dos-Condes-de-Ficalho_02-04-22\u00a9FabriceZiegler-19-1-scaled-1-600x400.jpg 600w\" sizes=\"(max-width: 2560px) 100vw, 2560px\" \/>\t<\/div>    <\/div>\n<\/div>\t\t\t\t<\/div>\n\t\t\t\t<\/div>\n\t\t\t\t\t<\/div>\n\t\t<\/div>\n\t\t\t\t\t<\/div>\n\t\t<\/section>\n\t\t\t\t<\/div>\n\t\t","protected":false},"excerpt":{"rendered":"<p>El jardin Su estructura actual es el resultado de una intervenci\u00f3n realizada en la d\u00e9cada de 1950, una colaboraci\u00f3n entre la \u00faltima marquesa de Ficalho, Mariazinha de Mello, y el ingeniero forestal serpense Jos\u00e9 Pulido Garc\u00eda.&nbsp; Como tantos jardines hist\u00f3ricos de Portugal, el jard\u00edn del Palacio Ficalho est\u00e1 formado por un bosque y un huerto [&hellip;]<\/p>\n","protected":false},"author":1,"featured_media":0,"parent":19298,"menu_order":0,"comment_status":"closed","ping_status":"closed","template":"page-full-width.php","meta":{"footnotes":""},"class_list":["post-19029","page","type-page","status-publish","hentry"],"_links":{"self":[{"href":"https:\/\/www.palacioficalho.pt\/es\/wp-json\/wp\/v2\/pages\/19029","targetHints":{"allow":["GET"]}}],"collection":[{"href":"https:\/\/www.palacioficalho.pt\/es\/wp-json\/wp\/v2\/pages"}],"about":[{"href":"https:\/\/www.palacioficalho.pt\/es\/wp-json\/wp\/v2\/types\/page"}],"author":[{"embeddable":true,"href":"https:\/\/www.palacioficalho.pt\/es\/wp-json\/wp\/v2\/users\/1"}],"replies":[{"embeddable":true,"href":"https:\/\/www.palacioficalho.pt\/es\/wp-json\/wp\/v2\/comments?post=19029"}],"version-history":[{"count":0,"href":"https:\/\/www.palacioficalho.pt\/es\/wp-json\/wp\/v2\/pages\/19029\/revisions"}],"up":[{"embeddable":true,"href":"https:\/\/www.palacioficalho.pt\/es\/wp-json\/wp\/v2\/pages\/19298"}],"wp:attachment":[{"href":"https:\/\/www.palacioficalho.pt\/es\/wp-json\/wp\/v2\/media?parent=19029"}],"curies":[{"name":"wp","href":"https:\/\/api.w.org\/{rel}","templated":true}]}}